{"id":38045,"date":"2026-02-04T11:55:50","date_gmt":"2026-02-04T10:55:50","guid":{"rendered":"https:\/\/voyagedelabaleine.fr\/product\/scrunchie-con-fiocco-a-righe-blu-bianco\/"},"modified":"2026-02-04T11:55:50","modified_gmt":"2026-02-04T10:55:50","slug":"scrunchie-con-fiocco-a-righe-blu-bianco","status":"publish","type":"product","link":"https:\/\/voyagedelabaleine.fr\/it\/prodotto\/scrunchie-con-fiocco-a-righe-blu-bianco\/","title":{"rendered":"Scrunchie con fiocco a righe &#8211; Blu\/Bianco"},"content":{"rendered":"<h3 data-start=\"315\" data-end=\"363\">Uno scrunchie dall&#8217;eleganza marina intramontabile<\/h3>\n<p data-start=\"365\" data-end=\"716\">Il nostro scrunchie con fiocco a righe blu e bianco \u00e8 un accessorio delicato, ispirato all&#8217;universo marino e all&#8217;intramontabile guardaroba infantile. Le sue sottili righe blu e bianche evocano le belle giornate, le passeggiate all&#8217;aria aperta e una certa idea d&#8217;infanzia, dolce ed elegante. Concepito come un dettaglio raffinato, valorizza le acconciature con semplicit\u00e0.  <\/p>\n<p data-start=\"718\" data-end=\"880\">Facile da indossare ogni giorno, questo scrunchie \u00e8 pensato per chi cerca accessori sobri, ben rifiniti e in perfetta armonia con un guardaroba elegante.<\/p>\n<h3 data-start=\"882\" data-end=\"938\">Un accessorio confortevole e delicato sui capelli<\/h3>\n<p data-start=\"940\" data-end=\"1184\">Il nostro scrunchie con fiocco \u00e8 progettato per tenere i capelli senza tirare o danneggiarli. Il suo materiale morbido permette di realizzare una coda di cavallo, una mezza coda o uno chignon, garantendo un sostegno confortevole per tutto il giorno. <\/p>\n<h3 data-start=\"1369\" data-end=\"1415\">Un dettaglio raffinato per completare un outfit<\/h3>\n<p data-start=\"1417\" data-end=\"1682\">Con le sue righe blu e bianche, questo scrunchie si abbina naturalmente a un vestito leggero, una blusa bianca o un outfit d&#8217;ispirazione estiva. Completa una silhouette con sottigliezza e aggiunge un tocco finale elegante, senza mai rubare la scena al capo d&#8217;abbigliamento. <\/p>\n<p data-start=\"1684\" data-end=\"1800\">\u00c8 un accessorio ideale per armonizzare un outfit, creare un richiamo di colore o aggiungere una delicata nota marina.<\/p>\n<h3 data-start=\"1802\" data-end=\"1853\">Un accessorio intramontabile da regalare o regalarsi<\/h3>\n<p data-start=\"1855\" data-end=\"2129\">Il nostro scrunchie con fiocco a righe blu e bianco \u00e8 anche una bella idea regalo. Intramontabile, elegante e facile da indossare, attraversa le stagioni e accompagna le acconciature con dolcezza. Un piccolo accessorio pieno di fascino, fedele all&#8217;universo poetico di <em data-start=\"2106\" data-end=\"2128\">Voyage de la Baleine<\/em>.  <\/p>\n<p data-start=\"889\" data-end=\"1140\">Prodotto in Spagna.<\/p>\n","protected":false},"excerpt":{"rendered":"<ul>\n<li>Scrunchie con fiocco<\/li>\n<li>100% cotone<\/li>\n<\/ul>\n","protected":false},"featured_media":36220,"comment_status":"open","ping_status":"closed","template":"","meta":{"ocean_post_layout":"","ocean_both_sidebars_style":"","ocean_both_sidebars_content_width":0,"ocean_both_sidebars_sidebars_width":0,"ocean_sidebar":"0","ocean_second_sidebar":"0","ocean_disable_margins":"enable","ocean_add_body_class":"","ocean_shortcode_before_top_bar":"","ocean_shortcode_after_top_bar":"","ocean_shortcode_before_header":"","ocean_shortcode_after_header":"","ocean_has_shortcode":"","ocean_shortcode_after_title":"","ocean_shortcode_before_footer_widgets":"","ocean_shortcode_after_footer_widgets":"","ocean_shortcode_before_footer_bottom":"","ocean_shortcode_after_footer_bottom":"","ocean_display_top_bar":"default","ocean_display_header":"default","ocean_header_style":"","ocean_center_header_left_menu":"0","ocean_custom_header_template":"0","ocean_custom_logo":0,"ocean_custom_retina_logo":0,"ocean_custom_logo_max_width":0,"ocean_custom_logo_tablet_max_width":0,"ocean_custom_logo_mobile_max_width":0,"ocean_custom_logo_max_height":0,"ocean_custom_logo_tablet_max_height":0,"ocean_custom_logo_mobile_max_height":0,"ocean_header_custom_menu":"0","ocean_menu_typo_font_family":"0","ocean_menu_typo_font_subset":"","ocean_menu_typo_font_size":0,"ocean_menu_typo_font_size_tablet":0,"ocean_menu_typo_font_size_mobile":0,"ocean_menu_typo_font_size_unit":"px","ocean_menu_typo_font_weight":"","ocean_menu_typo_font_weight_tablet":"","ocean_menu_typo_font_weight_mobile":"","ocean_menu_typo_transform":"","ocean_menu_typo_transform_tablet":"","ocean_menu_typo_transform_mobile":"","ocean_menu_typo_line_height":0,"ocean_menu_typo_line_height_tablet":0,"ocean_menu_typo_line_height_mobile":0,"ocean_menu_typo_line_height_unit":"","ocean_menu_typo_spacing":0,"ocean_menu_typo_spacing_tablet":0,"ocean_menu_typo_spacing_mobile":0,"ocean_menu_typo_spacing_unit":"","ocean_menu_link_color":"","ocean_menu_link_color_hover":"","ocean_menu_link_color_active":"","ocean_menu_link_background":"","ocean_menu_link_hover_background":"","ocean_menu_link_active_background":"","ocean_menu_social_links_bg":"","ocean_menu_social_hover_links_bg":"","ocean_menu_social_links_color":"","ocean_menu_social_hover_links_color":"","ocean_disable_title":"default","ocean_disable_heading":"default","ocean_post_title":"","ocean_post_subheading":"","ocean_post_title_style":"","ocean_post_title_background_color":"","ocean_post_title_background":0,"ocean_post_title_bg_image_position":"","ocean_post_title_bg_image_attachment":"","ocean_post_title_bg_image_repeat":"","ocean_post_title_bg_image_size":"","ocean_post_title_height":0,"ocean_post_title_bg_overlay":0.5,"ocean_post_title_bg_overlay_color":"","ocean_disable_breadcrumbs":"default","ocean_breadcrumbs_color":"","ocean_breadcrumbs_separator_color":"","ocean_breadcrumbs_links_color":"","ocean_breadcrumbs_links_hover_color":"","ocean_display_footer_widgets":"default","ocean_display_footer_bottom":"default","ocean_custom_footer_template":"0","osh_disable_topbar_sticky":"default","osh_disable_header_sticky":"default","osh_sticky_header_style":"default","osh_sticky_header_effect":"","osh_custom_sticky_logo":0,"osh_custom_retina_sticky_logo":0,"osh_custom_sticky_logo_height":0,"osh_background_color":"","osh_links_color":"","osh_links_hover_color":"","osh_links_active_color":"","osh_links_bg_color":"","osh_links_hover_bg_color":"","osh_links_active_bg_color":"","osh_menu_social_links_color":"","osh_menu_social_hover_links_color":""},"product_brand":[],"product_cat":[6898,6892,6816,6810],"product_tag":[],"class_list":{"0":"post-38045","1":"product","2":"type-product","3":"status-publish","4":"has-post-thumbnail","6":"product_cat-accessori-bambina","7":"product_cat-accessori-bambini","8":"product_cat-accessori-neonata","9":"product_cat-accessori-neonati","11":"entry","12":"has-media","14":"first","15":"instock","16":"taxable","17":"shipping-taxable","18":"purchasable","19":"product-type-variable","20":"has-default-attributes","21":"col","22":"span_1_of_3","23":"owp-content-center","24":"owp-thumbs-layout-vertical","25":"owp-btn-big","26":"owp-tabs-layout-vertical","27":"circle-sale"},"yoast_head":"<!-- This site is optimized with the Yoast SEO plugin v27.1.1 - https:\/\/yoast.com\/product\/yoast-seo-wordpress\/ -->\n<title>Scrunchie con fiocco a righe - Blu\/Bianco - Voyage de la Baleine<\/title>\n<meta name=\"description\" content=\"Un accessorio delicato per valorizzare le acconciature di tutti i giorni, il nostro scrunchie con fiocco a righe blu e bianco si ispira all&#039;universo marino.\" \/>\n<meta name=\"robots\" content=\"index, follow, max-snippet:-1, max-image-preview:large, max-video-preview:-1\" \/>\n<link rel=\"canonical\" href=\"https:\/\/voyagedelabaleine.fr\/it\/prodotto\/scrunchie-con-fiocco-a-righe-blu-bianco\/\" \/>\n<meta property=\"og:locale\" content=\"it_IT\" \/>\n<meta property=\"og:type\" content=\"article\" \/>\n<meta property=\"og:title\" content=\"Scrunchie con fiocco a righe - Blu\/Bianco - Voyage de la Baleine\" \/>\n<meta property=\"og:description\" content=\"Un accessorio delicato per valorizzare le acconciature di tutti i giorni, il nostro scrunchie con fiocco a righe blu e bianco si ispira all&#039;universo marino.\" \/>\n<meta property=\"og:url\" content=\"https:\/\/voyagedelabaleine.fr\/it\/prodotto\/scrunchie-con-fiocco-a-righe-blu-bianco\/\" \/>\n<meta property=\"og:site_name\" content=\"Voyage de la Baleine\" \/>\n<meta property=\"article:publisher\" content=\"https:\/\/www.facebook.com\/voyagedelabaleine\/\" \/>\n<meta property=\"og:image\" content=\"https:\/\/voyagedelabaleine.fr\/wp-content\/uploads\/2026\/01\/choucou-raye-marine.jpg\" \/>\n\t<meta property=\"og:image:width\" content=\"950\" \/>\n\t<meta property=\"og:image:height\" content=\"1266\" \/>\n\t<meta property=\"og:image:type\" content=\"image\/jpeg\" \/>\n<meta name=\"twitter:card\" content=\"summary_large_image\" \/>\n<meta name=\"twitter:label1\" content=\"Tempo di lettura stimato\" \/>\n\t<meta name=\"twitter:data1\" content=\"1 minuto\" \/>\n<script type=\"application\/ld+json\" class=\"yoast-schema-graph\">{\"@context\":\"https:\/\/schema.org\",\"@graph\":[{\"@type\":\"WebPage\",\"@id\":\"https:\/\/voyagedelabaleine.fr\/it\/prodotto\/scrunchie-con-fiocco-a-righe-blu-bianco\/\",\"url\":\"https:\/\/voyagedelabaleine.fr\/it\/prodotto\/scrunchie-con-fiocco-a-righe-blu-bianco\/\",\"name\":\"Scrunchie con fiocco a righe - Blu\/Bianco - Voyage de la Baleine\",\"isPartOf\":{\"@id\":\"https:\/\/voyagedelabaleine.fr\/it\/#website\"},\"primaryImageOfPage\":{\"@id\":\"https:\/\/voyagedelabaleine.fr\/it\/prodotto\/scrunchie-con-fiocco-a-righe-blu-bianco\/#primaryimage\"},\"image\":{\"@id\":\"https:\/\/voyagedelabaleine.fr\/it\/prodotto\/scrunchie-con-fiocco-a-righe-blu-bianco\/#primaryimage\"},\"thumbnailUrl\":\"https:\/\/voyagedelabaleine.fr\/wp-content\/uploads\/2026\/01\/choucou-raye-marine.jpg\",\"datePublished\":\"2026-02-04T10:55:50+00:00\",\"description\":\"Un accessorio delicato per valorizzare le acconciature di tutti i giorni, il nostro scrunchie con fiocco a righe blu e bianco si ispira all'universo marino.\",\"breadcrumb\":{\"@id\":\"https:\/\/voyagedelabaleine.fr\/it\/prodotto\/scrunchie-con-fiocco-a-righe-blu-bianco\/#breadcrumb\"},\"inLanguage\":\"it-IT\",\"potentialAction\":[{\"@type\":\"ReadAction\",\"target\":[\"https:\/\/voyagedelabaleine.fr\/it\/prodotto\/scrunchie-con-fiocco-a-righe-blu-bianco\/\"]}]},{\"@type\":\"ImageObject\",\"inLanguage\":\"it-IT\",\"@id\":\"https:\/\/voyagedelabaleine.fr\/it\/prodotto\/scrunchie-con-fiocco-a-righe-blu-bianco\/#primaryimage\",\"url\":\"https:\/\/voyagedelabaleine.fr\/wp-content\/uploads\/2026\/01\/choucou-raye-marine.jpg\",\"contentUrl\":\"https:\/\/voyagedelabaleine.fr\/wp-content\/uploads\/2026\/01\/choucou-raye-marine.jpg\",\"width\":950,\"height\":1266,\"caption\":\"Chouchou \u00e0 noeud ray\u00e9 bleu et blanc\"},{\"@type\":\"BreadcrumbList\",\"@id\":\"https:\/\/voyagedelabaleine.fr\/it\/prodotto\/scrunchie-con-fiocco-a-righe-blu-bianco\/#breadcrumb\",\"itemListElement\":[{\"@type\":\"ListItem\",\"position\":1,\"name\":\"Accueil\",\"item\":\"https:\/\/voyagedelabaleine.fr\/it\/homepage\/\"},{\"@type\":\"ListItem\",\"position\":2,\"name\":\"Tutta la collezione\",\"item\":\"https:\/\/voyagedelabaleine.fr\/it\/tutta-la-collezione\/\"},{\"@type\":\"ListItem\",\"position\":3,\"name\":\"Scrunchie con fiocco a righe &#8211; Blu\/Bianco\"}]},{\"@type\":\"WebSite\",\"@id\":\"https:\/\/voyagedelabaleine.fr\/it\/#website\",\"url\":\"https:\/\/voyagedelabaleine.fr\/it\/\",\"name\":\"Voyage de la Baleine\",\"description\":\"V\u00eatements intemporels et raffin\u00e9s pour b\u00e9b\u00e9s et enfants\",\"publisher\":{\"@id\":\"https:\/\/voyagedelabaleine.fr\/it\/#organization\"},\"potentialAction\":[{\"@type\":\"SearchAction\",\"target\":{\"@type\":\"EntryPoint\",\"urlTemplate\":\"https:\/\/voyagedelabaleine.fr\/it\/?s={search_term_string}\"},\"query-input\":{\"@type\":\"PropertyValueSpecification\",\"valueRequired\":true,\"valueName\":\"search_term_string\"}}],\"inLanguage\":\"it-IT\"},{\"@type\":\"Organization\",\"@id\":\"https:\/\/voyagedelabaleine.fr\/it\/#organization\",\"name\":\"Voyage de la Baleine\",\"url\":\"https:\/\/voyagedelabaleine.fr\/it\/\",\"logo\":{\"@type\":\"ImageObject\",\"inLanguage\":\"it-IT\",\"@id\":\"https:\/\/voyagedelabaleine.fr\/it\/#\/schema\/logo\/image\/\",\"url\":\"https:\/\/voyagedelabaleine.fr\/wp-content\/uploads\/2025\/06\/logo.webp\",\"contentUrl\":\"https:\/\/voyagedelabaleine.fr\/wp-content\/uploads\/2025\/06\/logo.webp\",\"width\":153,\"height\":64,\"caption\":\"Voyage de la Baleine\"},\"image\":{\"@id\":\"https:\/\/voyagedelabaleine.fr\/it\/#\/schema\/logo\/image\/\"},\"sameAs\":[\"https:\/\/www.facebook.com\/voyagedelabaleine\/\",\"https:\/\/www.instagram.com\/voyagedelabaleine\/\",\"https:\/\/www.pinterest.fr\/Voyagedelabaleine\/\"]}]}<\/script>\n<!-- \/ Yoast SEO plugin. -->","yoast_head_json":{"title":"Scrunchie con fiocco a righe - Blu\/Bianco - Voyage de la Baleine","description":"Un accessorio delicato per valorizzare le acconciature di tutti i giorni, il nostro scrunchie con fiocco a righe blu e bianco si ispira all'universo marino.","robots":{"index":"index","follow":"follow","max-snippet":"max-snippet:-1","max-image-preview":"max-image-preview:large","max-video-preview":"max-video-preview:-1"},"canonical":"https:\/\/voyagedelabaleine.fr\/it\/prodotto\/scrunchie-con-fiocco-a-righe-blu-bianco\/","og_locale":"it_IT","og_type":"article","og_title":"Scrunchie con fiocco a righe - Blu\/Bianco - Voyage de la Baleine","og_description":"Un accessorio delicato per valorizzare le acconciature di tutti i giorni, il nostro scrunchie con fiocco a righe blu e bianco si ispira all'universo marino.","og_url":"https:\/\/voyagedelabaleine.fr\/it\/prodotto\/scrunchie-con-fiocco-a-righe-blu-bianco\/","og_site_name":"Voyage de la Baleine","article_publisher":"https:\/\/www.facebook.com\/voyagedelabaleine\/","og_image":[{"width":950,"height":1266,"url":"https:\/\/voyagedelabaleine.fr\/wp-content\/uploads\/2026\/01\/choucou-raye-marine.jpg","type":"image\/jpeg"}],"twitter_card":"summary_large_image","twitter_misc":{"Tempo di lettura stimato":"1 minuto"},"schema":{"@context":"https:\/\/schema.org","@graph":[{"@type":"WebPage","@id":"https:\/\/voyagedelabaleine.fr\/it\/prodotto\/scrunchie-con-fiocco-a-righe-blu-bianco\/","url":"https:\/\/voyagedelabaleine.fr\/it\/prodotto\/scrunchie-con-fiocco-a-righe-blu-bianco\/","name":"Scrunchie con fiocco a righe - Blu\/Bianco - Voyage de la Baleine","isPartOf":{"@id":"https:\/\/voyagedelabaleine.fr\/it\/#website"},"primaryImageOfPage":{"@id":"https:\/\/voyagedelabaleine.fr\/it\/prodotto\/scrunchie-con-fiocco-a-righe-blu-bianco\/#primaryimage"},"image":{"@id":"https:\/\/voyagedelabaleine.fr\/it\/prodotto\/scrunchie-con-fiocco-a-righe-blu-bianco\/#primaryimage"},"thumbnailUrl":"https:\/\/voyagedelabaleine.fr\/wp-content\/uploads\/2026\/01\/choucou-raye-marine.jpg","datePublished":"2026-02-04T10:55:50+00:00","description":"Un accessorio delicato per valorizzare le acconciature di tutti i giorni, il nostro scrunchie con fiocco a righe blu e bianco si ispira all'universo marino.","breadcrumb":{"@id":"https:\/\/voyagedelabaleine.fr\/it\/prodotto\/scrunchie-con-fiocco-a-righe-blu-bianco\/#breadcrumb"},"inLanguage":"it-IT","potentialAction":[{"@type":"ReadAction","target":["https:\/\/voyagedelabaleine.fr\/it\/prodotto\/scrunchie-con-fiocco-a-righe-blu-bianco\/"]}]},{"@type":"ImageObject","inLanguage":"it-IT","@id":"https:\/\/voyagedelabaleine.fr\/it\/prodotto\/scrunchie-con-fiocco-a-righe-blu-bianco\/#primaryimage","url":"https:\/\/voyagedelabaleine.fr\/wp-content\/uploads\/2026\/01\/choucou-raye-marine.jpg","contentUrl":"https:\/\/voyagedelabaleine.fr\/wp-content\/uploads\/2026\/01\/choucou-raye-marine.jpg","width":950,"height":1266,"caption":"Chouchou \u00e0 noeud ray\u00e9 bleu et blanc"},{"@type":"BreadcrumbList","@id":"https:\/\/voyagedelabaleine.fr\/it\/prodotto\/scrunchie-con-fiocco-a-righe-blu-bianco\/#breadcrumb","itemListElement":[{"@type":"ListItem","position":1,"name":"Accueil","item":"https:\/\/voyagedelabaleine.fr\/it\/homepage\/"},{"@type":"ListItem","position":2,"name":"Tutta la collezione","item":"https:\/\/voyagedelabaleine.fr\/it\/tutta-la-collezione\/"},{"@type":"ListItem","position":3,"name":"Scrunchie con fiocco a righe &#8211; Blu\/Bianco"}]},{"@type":"WebSite","@id":"https:\/\/voyagedelabaleine.fr\/it\/#website","url":"https:\/\/voyagedelabaleine.fr\/it\/","name":"Voyage de la Baleine","description":"V\u00eatements intemporels et raffin\u00e9s pour b\u00e9b\u00e9s et enfants","publisher":{"@id":"https:\/\/voyagedelabaleine.fr\/it\/#organization"},"potentialAction":[{"@type":"SearchAction","target":{"@type":"EntryPoint","urlTemplate":"https:\/\/voyagedelabaleine.fr\/it\/?s={search_term_string}"},"query-input":{"@type":"PropertyValueSpecification","valueRequired":true,"valueName":"search_term_string"}}],"inLanguage":"it-IT"},{"@type":"Organization","@id":"https:\/\/voyagedelabaleine.fr\/it\/#organization","name":"Voyage de la Baleine","url":"https:\/\/voyagedelabaleine.fr\/it\/","logo":{"@type":"ImageObject","inLanguage":"it-IT","@id":"https:\/\/voyagedelabaleine.fr\/it\/#\/schema\/logo\/image\/","url":"https:\/\/voyagedelabaleine.fr\/wp-content\/uploads\/2025\/06\/logo.webp","contentUrl":"https:\/\/voyagedelabaleine.fr\/wp-content\/uploads\/2025\/06\/logo.webp","width":153,"height":64,"caption":"Voyage de la Baleine"},"image":{"@id":"https:\/\/voyagedelabaleine.fr\/it\/#\/schema\/logo\/image\/"},"sameAs":["https:\/\/www.facebook.com\/voyagedelabaleine\/","https:\/\/www.instagram.com\/voyagedelabaleine\/","https:\/\/www.pinterest.fr\/Voyagedelabaleine\/"]}]}},"_links":{"self":[{"href":"https:\/\/voyagedelabaleine.fr\/it\/wp-json\/wp\/v2\/product\/38045","targetHints":{"allow":["GET"]}}],"collection":[{"href":"https:\/\/voyagedelabaleine.fr\/it\/wp-json\/wp\/v2\/product"}],"about":[{"href":"https:\/\/voyagedelabaleine.fr\/it\/wp-json\/wp\/v2\/types\/product"}],"replies":[{"embeddable":true,"href":"https:\/\/voyagedelabaleine.fr\/it\/wp-json\/wp\/v2\/comments?post=38045"}],"wp:featuredmedia":[{"embeddable":true,"href":"https:\/\/voyagedelabaleine.fr\/it\/wp-json\/wp\/v2\/media\/36220"}],"wp:attachment":[{"href":"https:\/\/voyagedelabaleine.fr\/it\/wp-json\/wp\/v2\/media?parent=38045"}],"wp:term":[{"taxonomy":"product_brand","embeddable":true,"href":"https:\/\/voyagedelabaleine.fr\/it\/wp-json\/wp\/v2\/product_brand?post=38045"},{"taxonomy":"product_cat","embeddable":true,"href":"https:\/\/voyagedelabaleine.fr\/it\/wp-json\/wp\/v2\/product_cat?post=38045"},{"taxonomy":"product_tag","embeddable":true,"href":"https:\/\/voyagedelabaleine.fr\/it\/wp-json\/wp\/v2\/product_tag?post=38045"}],"curies":[{"name":"wp","href":"https:\/\/api.w.org\/{rel}","templated":true}]}}