{"id":42695,"date":"2026-04-22T10:10:16","date_gmt":"2026-04-22T08:10:16","guid":{"rendered":"https:\/\/voyagedelabaleine.fr\/product\/completo-neonato-bimbo-blusa-a-righe-e-bloomer-in-denim-giallo-blu\/"},"modified":"2026-04-22T10:10:16","modified_gmt":"2026-04-22T08:10:16","slug":"completo-neonato-bimbo-blusa-a-righe-e-bloomer-in-denim-giallo-blu","status":"publish","type":"product","link":"https:\/\/voyagedelabaleine.fr\/it\/prodotto\/completo-neonato-bimbo-blusa-a-righe-e-bloomer-in-denim-giallo-blu\/","title":{"rendered":"Completo neonato bimbo blusa a righe e bloomer in denim &#8211; Giallo\/blu"},"content":{"rendered":"<div class=\"flex flex-col text-sm pb-25\">\n<section class=\"text-token-text-primary w-full focus:outline-none [--shadow-height:45px] has-data-writing-block:pointer-events-none has-data-writing-block:-mt-(--shadow-height) has-data-writing-block:pt-(--shadow-height) [&amp;:has([data-writing-block])&gt;*]:pointer-events-auto scroll-mt-[calc(var(--header-height)+min(200px,max(70px,20svh)))]\" dir=\"auto\" data-turn-id=\"request-6970f0b2-bcb4-8329-8c33-a634cee04d04-126\" data-testid=\"conversation-turn-278\" data-scroll-anchor=\"true\" data-turn=\"assistant\">\n<div class=\"text-base my-auto mx-auto pb-10 [--thread-content-margin:var(--thread-content-margin-xs,calc(var(--spacing)*4))] @w-sm\/main:[--thread-content-margin:var(--thread-content-margin-sm,calc(var(--spacing)*6))] @w-lg\/main:[--thread-content-margin:var(--thread-content-margin-lg,calc(var(--spacing)*16))] px-(--thread-content-margin)\">\n<div class=\"[--thread-content-max-width:40rem] @w-lg\/main:[--thread-content-max-width:48rem] mx-auto max-w-(--thread-content-max-width) flex-1 group\/turn-messages focus-visible:outline-hidden relative flex w-full min-w-0 flex-col agent-turn\">\n<div class=\"flex max-w-full flex-col gap-4 grow\">\n<div class=\"min-h-8 text-message relative flex w-full flex-col items-end gap-2 text-start break-words whitespace-normal outline-none keyboard-focused:focus-ring [.text-message+&amp;]:mt-1\" dir=\"auto\" tabindex=\"0\" data-message-author-role=\"assistant\" data-message-id=\"f731ee97-fee2-49df-86df-35a7b7eba375\" data-message-model-slug=\"gpt-5-3\" data-turn-start-message=\"true\">\n<div class=\"flex w-full flex-col gap-1 empty:hidden\">\n<div class=\"markdown prose dark:prose-invert w-full wrap-break-word light markdown-new-styling\">\n<h3 data-section-id=\"1h3lmke\" data-start=\"225\" data-end=\"268\">Un outfit estivo morbido e luminoso<\/h3>\n<p data-start=\"270\" data-end=\"559\">Con il nostro <strong data-start=\"281\" data-end=\"343\">completo neonato bimbo con blusa a righe e bloomer giallo e blu<\/strong>, crea un look fresco ed elegante per le belle giornate. L\u2019abbinamento delle <strong data-start=\"439\" data-end=\"469\">righe gialle e bianche<\/strong> e del <strong data-start=\"476\" data-end=\"500\">blu delicato del bloomer<\/strong> richiama un guardaroba estivo luminoso, delicato e senza tempo. <\/p>\n<p data-start=\"561\" data-end=\"682\">Un outfit pensato per accompagnare il beb\u00e8 nelle giornate di sole, tra momenti a casa e passeggiate estive.<\/p>\n<h3 data-section-id=\"1fmy4m4\" data-start=\"684\" data-end=\"729\">Una blusa leggera dal fascino autentico<\/h3>\n<p data-start=\"731\" data-end=\"949\">La blusa si distingue per le sue <strong data-start=\"762\" data-end=\"803\">righe verticali gialle e bianche<\/strong> e per la sua <strong data-start=\"882\" data-end=\"897\">vestibilit\u00e0 ampia<\/strong> che permette al beb\u00e8 di muoversi liberamente, senza costrizioni.<\/p>\n<p data-start=\"951\" data-end=\"1181\">I <strong data-start=\"955\" data-end=\"988\">bottoni in legno sul davanti<\/strong> aggiungono una nota naturale e autentica, fedele a uno stile semplice e raffinato. Le <strong data-start=\"1074\" data-end=\"1112\">maniche corte leggermente svasate<\/strong> donano un tocco di leggerezza e movimento, ideale per l\u2019estate. <\/p>\n<h3 data-section-id=\"jhu5ad\" data-start=\"1183\" data-end=\"1239\">Un bloomer confortevole dallo spirito casual chic<\/h3>\n<p data-start=\"1241\" data-end=\"1458\">Il bloomer blu crea un bel contrasto con la blusa. La sua <strong data-start=\"1331\" data-end=\"1349\">forma leggermente a palloncino<\/strong> e gli <strong data-start=\"1357\" data-end=\"1406\">elastici morbidi in vita e sulle cosce<\/strong> assicurano una vestibilit\u00e0 confortevole, senza comprimere. <\/p>\n<p data-start=\"1460\" data-end=\"1551\">Facile da indossare, accompagna il beb\u00e8 in tutti i suoi movimenti, dal gioco ai momenti di riposo.<\/p>\n<h3 data-section-id=\"q8t9xj\" data-start=\"1553\" data-end=\"1605\">Un completo in cotone morbido sulla pelle del beb\u00e8<\/h3>\n<p data-start=\"1607\" data-end=\"1770\">Realizzato in <strong data-start=\"1623\" data-end=\"1638\">100% cotone<\/strong>, questo completo rispetta la pelle delicata dei pi\u00f9 piccoli. Leggero e traspirante, \u00e8 perfetto per le temperature estive. <\/p>\n<p data-start=\"1772\" data-end=\"1914\">La qualit\u00e0 del cotone permette di mantenere la morbidezza del tessuto lavaggio dopo lavaggio, per un capo durevole e piacevole da indossare giorno dopo giorno.<\/p>\n<h3 data-section-id=\"3a8w5r\" data-start=\"1916\" data-end=\"1981\">Un capo ideale per tutti i giorni e per le occasioni<\/h3>\n<p data-start=\"1983\" data-end=\"2232\">Il nostro <strong data-start=\"1989\" data-end=\"2040\">completo neonato bimbo a righe gialle e bloomer blu<\/strong> \u00e8 perfetto per vestire il beb\u00e8 con gusto senza rinunciare al comfort. Basta da solo per un outfit completo, oppure pu\u00f2 essere abbinato a un cardigan leggero nelle giornate pi\u00f9 fresche. <\/p>\n<p data-start=\"2234\" data-end=\"2362\">Un capo facile da indossare, elegante senza essere troppo formale, che trova naturalmente il suo posto nel guardaroba dei pi\u00f9 piccoli.<\/p>\n<p data-start=\"2364\" data-end=\"2384\" data-is-last-node=\"\" data-is-only-node=\"\">Prodotto in Spagna.<\/p>\n<\/div>\n<\/div>\n<\/div>\n<\/div>\n<\/div>\n<\/div>\n<\/section>\n<\/div>\n","protected":false},"excerpt":{"rendered":"<ul>\n<li>Blusa a righe con scollo rotondo<\/li>\n<li>Bloomer con vita e cosce elasticizzate<\/li>\n<li>100% cotone<\/li>\n<li>Prodotto in Spagna<br \/>\n<em>Questo completo veste normalmente. Scegli la tua taglia abituale.<\/em><\/li>\n<\/ul>\n","protected":false},"featured_media":42662,"comment_status":"open","ping_status":"closed","template":"","meta":{"ocean_post_layout":"","ocean_both_sidebars_style":"","ocean_both_sidebars_content_width":0,"ocean_both_sidebars_sidebars_width":0,"ocean_sidebar":"0","ocean_second_sidebar":"0","ocean_disable_margins":"enable","ocean_add_body_class":"","ocean_shortcode_before_top_bar":"","ocean_shortcode_after_top_bar":"","ocean_shortcode_before_header":"","ocean_shortcode_after_header":"","ocean_has_shortcode":"","ocean_shortcode_after_title":"","ocean_shortcode_before_footer_widgets":"","ocean_shortcode_after_footer_widgets":"","ocean_shortcode_before_footer_bottom":"","ocean_shortcode_after_footer_bottom":"","ocean_display_top_bar":"default","ocean_display_header":"default","ocean_header_style":"","ocean_center_header_left_menu":"0","ocean_custom_header_template":"0","ocean_custom_logo":0,"ocean_custom_retina_logo":0,"ocean_custom_logo_max_width":0,"ocean_custom_logo_tablet_max_width":0,"ocean_custom_logo_mobile_max_width":0,"ocean_custom_logo_max_height":0,"ocean_custom_logo_tablet_max_height":0,"ocean_custom_logo_mobile_max_height":0,"ocean_header_custom_menu":"0","ocean_menu_typo_font_family":"0","ocean_menu_typo_font_subset":"","ocean_menu_typo_font_size":0,"ocean_menu_typo_font_size_tablet":0,"ocean_menu_typo_font_size_mobile":0,"ocean_menu_typo_font_size_unit":"px","ocean_menu_typo_font_weight":"","ocean_menu_typo_font_weight_tablet":"","ocean_menu_typo_font_weight_mobile":"","ocean_menu_typo_transform":"","ocean_menu_typo_transform_tablet":"","ocean_menu_typo_transform_mobile":"","ocean_menu_typo_line_height":0,"ocean_menu_typo_line_height_tablet":0,"ocean_menu_typo_line_height_mobile":0,"ocean_menu_typo_line_height_unit":"","ocean_menu_typo_spacing":0,"ocean_menu_typo_spacing_tablet":0,"ocean_menu_typo_spacing_mobile":0,"ocean_menu_typo_spacing_unit":"","ocean_menu_link_color":"","ocean_menu_link_color_hover":"","ocean_menu_link_color_active":"","ocean_menu_link_background":"","ocean_menu_link_hover_background":"","ocean_menu_link_active_background":"","ocean_menu_social_links_bg":"","ocean_menu_social_hover_links_bg":"","ocean_menu_social_links_color":"","ocean_menu_social_hover_links_color":"","ocean_disable_title":"default","ocean_disable_heading":"default","ocean_post_title":"","ocean_post_subheading":"","ocean_post_title_style":"","ocean_post_title_background_color":"","ocean_post_title_background":0,"ocean_post_title_bg_image_position":"","ocean_post_title_bg_image_attachment":"","ocean_post_title_bg_image_repeat":"","ocean_post_title_bg_image_size":"","ocean_post_title_height":0,"ocean_post_title_bg_overlay":0.5,"ocean_post_title_bg_overlay_color":"","ocean_disable_breadcrumbs":"default","ocean_breadcrumbs_color":"","ocean_breadcrumbs_separator_color":"","ocean_breadcrumbs_links_color":"","ocean_breadcrumbs_links_hover_color":"","ocean_display_footer_widgets":"default","ocean_display_footer_bottom":"default","ocean_custom_footer_template":"0","osh_disable_topbar_sticky":"default","osh_disable_header_sticky":"default","osh_sticky_header_style":"default","osh_sticky_header_effect":"","osh_custom_sticky_logo":0,"osh_custom_retina_sticky_logo":0,"osh_custom_sticky_logo_height":0,"osh_background_color":"","osh_links_color":"","osh_links_hover_color":"","osh_links_active_color":"","osh_links_bg_color":"","osh_links_hover_bg_color":"","osh_links_active_bg_color":"","osh_menu_social_links_color":"","osh_menu_social_hover_links_color":""},"product_brand":[],"product_cat":[7030,7014,6994,6874,6846,7016,6996,6876,6848,7018,7004,6878,6856],"product_tag":[],"class_list":{"0":"post-42695","1":"product","2":"type-product","3":"status-publish","4":"has-post-thumbnail","6":"product_cat-abbigliamento","7":"product_cat-bloomer-short-pantaloni-nascita","8":"product_cat-bloomer-short-pantaloni-nascita-ragazzo","9":"product_cat-bloomer-short-pantaloni-neonati","10":"product_cat-bloomer-short-pantaloni-neonato","11":"product_cat-blusa-camicia-nascita","12":"product_cat-blusa-camicia-nascita-ragazzo","13":"product_cat-blusa-camicia-neonati","14":"product_cat-blusa-camicia-neonato","15":"product_cat-completi-nascita","16":"product_cat-completi-nascita-ragazzo","17":"product_cat-completi-neonati","18":"product_cat-completi-neonato","20":"entry","21":"has-media","23":"first","24":"instock","25":"taxable","26":"shipping-taxable","27":"purchasable","28":"product-type-variable","29":"has-default-attributes","30":"col","31":"span_1_of_3","32":"owp-content-center","33":"owp-thumbs-layout-vertical","34":"owp-btn-big","35":"owp-tabs-layout-vertical","36":"circle-sale"},"yoast_head":"<!-- This site is optimized with the Yoast SEO plugin v27.1.1 - https:\/\/yoast.com\/product\/yoast-seo-wordpress\/ -->\n<title>Completo neonato bimbo blusa a righe e bloomer in denim - Giallo\/blu - Voyage de la Baleine<\/title>\n<meta name=\"description\" content=\"Con il nostro completo neonato bimbo con blusa a righe e bloomer giallo e blu, crea un look fresco ed elegante per le belle giornate.\" \/>\n<meta name=\"robots\" content=\"index, follow, max-snippet:-1, max-image-preview:large, max-video-preview:-1\" \/>\n<link rel=\"canonical\" href=\"https:\/\/voyagedelabaleine.fr\/it\/prodotto\/completo-neonato-bimbo-blusa-a-righe-e-bloomer-in-denim-giallo-blu\/\" \/>\n<meta property=\"og:locale\" content=\"it_IT\" \/>\n<meta property=\"og:type\" content=\"article\" \/>\n<meta property=\"og:title\" content=\"Completo neonato bimbo blusa a righe e bloomer in denim - Giallo\/blu - Voyage de la Baleine\" \/>\n<meta property=\"og:description\" content=\"Con il nostro completo neonato bimbo con blusa a righe e bloomer giallo e blu, crea un look fresco ed elegante per le belle giornate.\" \/>\n<meta property=\"og:url\" content=\"https:\/\/voyagedelabaleine.fr\/it\/prodotto\/completo-neonato-bimbo-blusa-a-righe-e-bloomer-in-denim-giallo-blu\/\" \/>\n<meta property=\"og:site_name\" content=\"Voyage de la Baleine\" \/>\n<meta property=\"article:publisher\" content=\"https:\/\/www.facebook.com\/voyagedelabaleine\/\" \/>\n<meta property=\"og:image\" content=\"https:\/\/voyagedelabaleine.fr\/wp-content\/uploads\/2026\/04\/ensemble-bebe-blouse-bloomer-denim.jpg\" \/>\n\t<meta property=\"og:image:width\" content=\"1200\" \/>\n\t<meta property=\"og:image:height\" content=\"1600\" \/>\n\t<meta property=\"og:image:type\" content=\"image\/jpeg\" \/>\n<meta name=\"twitter:card\" content=\"summary_large_image\" \/>\n<meta name=\"twitter:label1\" content=\"Tempo di lettura stimato\" \/>\n\t<meta name=\"twitter:data1\" content=\"2 minuto\" \/>\n<script type=\"application\/ld+json\" class=\"yoast-schema-graph\">{\"@context\":\"https:\/\/schema.org\",\"@graph\":[{\"@type\":\"WebPage\",\"@id\":\"https:\/\/voyagedelabaleine.fr\/it\/prodotto\/completo-neonato-bimbo-blusa-a-righe-e-bloomer-in-denim-giallo-blu\/\",\"url\":\"https:\/\/voyagedelabaleine.fr\/it\/prodotto\/completo-neonato-bimbo-blusa-a-righe-e-bloomer-in-denim-giallo-blu\/\",\"name\":\"Completo neonato bimbo blusa a righe e bloomer in denim - Giallo\/blu - Voyage de la Baleine\",\"isPartOf\":{\"@id\":\"https:\/\/voyagedelabaleine.fr\/it\/#website\"},\"primaryImageOfPage\":{\"@id\":\"https:\/\/voyagedelabaleine.fr\/it\/prodotto\/completo-neonato-bimbo-blusa-a-righe-e-bloomer-in-denim-giallo-blu\/#primaryimage\"},\"image\":{\"@id\":\"https:\/\/voyagedelabaleine.fr\/it\/prodotto\/completo-neonato-bimbo-blusa-a-righe-e-bloomer-in-denim-giallo-blu\/#primaryimage\"},\"thumbnailUrl\":\"https:\/\/voyagedelabaleine.fr\/wp-content\/uploads\/2026\/04\/ensemble-bebe-blouse-bloomer-denim.jpg\",\"datePublished\":\"2026-04-22T08:10:16+00:00\",\"description\":\"Con il nostro completo neonato bimbo con blusa a righe e bloomer giallo e blu, crea un look fresco ed elegante per le belle giornate.\",\"breadcrumb\":{\"@id\":\"https:\/\/voyagedelabaleine.fr\/it\/prodotto\/completo-neonato-bimbo-blusa-a-righe-e-bloomer-in-denim-giallo-blu\/#breadcrumb\"},\"inLanguage\":\"it-IT\",\"potentialAction\":[{\"@type\":\"ReadAction\",\"target\":[\"https:\/\/voyagedelabaleine.fr\/it\/prodotto\/completo-neonato-bimbo-blusa-a-righe-e-bloomer-in-denim-giallo-blu\/\"]}]},{\"@type\":\"ImageObject\",\"inLanguage\":\"it-IT\",\"@id\":\"https:\/\/voyagedelabaleine.fr\/it\/prodotto\/completo-neonato-bimbo-blusa-a-righe-e-bloomer-in-denim-giallo-blu\/#primaryimage\",\"url\":\"https:\/\/voyagedelabaleine.fr\/wp-content\/uploads\/2026\/04\/ensemble-bebe-blouse-bloomer-denim.jpg\",\"contentUrl\":\"https:\/\/voyagedelabaleine.fr\/wp-content\/uploads\/2026\/04\/ensemble-bebe-blouse-bloomer-denim.jpg\",\"width\":1200,\"height\":1600},{\"@type\":\"BreadcrumbList\",\"@id\":\"https:\/\/voyagedelabaleine.fr\/it\/prodotto\/completo-neonato-bimbo-blusa-a-righe-e-bloomer-in-denim-giallo-blu\/#breadcrumb\",\"itemListElement\":[{\"@type\":\"ListItem\",\"position\":1,\"name\":\"Accueil\",\"item\":\"https:\/\/voyagedelabaleine.fr\/it\/homepage\/\"},{\"@type\":\"ListItem\",\"position\":2,\"name\":\"Tutta la collezione\",\"item\":\"https:\/\/voyagedelabaleine.fr\/it\/tutta-la-collezione\/\"},{\"@type\":\"ListItem\",\"position\":3,\"name\":\"Completo neonato bimbo blusa a righe e bloomer in denim &#8211; Giallo\/blu\"}]},{\"@type\":\"WebSite\",\"@id\":\"https:\/\/voyagedelabaleine.fr\/it\/#website\",\"url\":\"https:\/\/voyagedelabaleine.fr\/it\/\",\"name\":\"Voyage de la Baleine\",\"description\":\"V\u00eatements intemporels et raffin\u00e9s pour b\u00e9b\u00e9s et enfants\",\"publisher\":{\"@id\":\"https:\/\/voyagedelabaleine.fr\/it\/#organization\"},\"potentialAction\":[{\"@type\":\"SearchAction\",\"target\":{\"@type\":\"EntryPoint\",\"urlTemplate\":\"https:\/\/voyagedelabaleine.fr\/it\/?s={search_term_string}\"},\"query-input\":{\"@type\":\"PropertyValueSpecification\",\"valueRequired\":true,\"valueName\":\"search_term_string\"}}],\"inLanguage\":\"it-IT\"},{\"@type\":\"Organization\",\"@id\":\"https:\/\/voyagedelabaleine.fr\/it\/#organization\",\"name\":\"Voyage de la Baleine\",\"url\":\"https:\/\/voyagedelabaleine.fr\/it\/\",\"logo\":{\"@type\":\"ImageObject\",\"inLanguage\":\"it-IT\",\"@id\":\"https:\/\/voyagedelabaleine.fr\/it\/#\/schema\/logo\/image\/\",\"url\":\"https:\/\/voyagedelabaleine.fr\/wp-content\/uploads\/2025\/06\/logo.webp\",\"contentUrl\":\"https:\/\/voyagedelabaleine.fr\/wp-content\/uploads\/2025\/06\/logo.webp\",\"width\":153,\"height\":64,\"caption\":\"Voyage de la Baleine\"},\"image\":{\"@id\":\"https:\/\/voyagedelabaleine.fr\/it\/#\/schema\/logo\/image\/\"},\"sameAs\":[\"https:\/\/www.facebook.com\/voyagedelabaleine\/\",\"https:\/\/www.instagram.com\/voyagedelabaleine\/\",\"https:\/\/www.pinterest.fr\/Voyagedelabaleine\/\"]}]}<\/script>\n<!-- \/ Yoast SEO plugin. -->","yoast_head_json":{"title":"Completo neonato bimbo blusa a righe e bloomer in denim - Giallo\/blu - Voyage de la Baleine","description":"Con il nostro completo neonato bimbo con blusa a righe e bloomer giallo e blu, crea un look fresco ed elegante per le belle giornate.","robots":{"index":"index","follow":"follow","max-snippet":"max-snippet:-1","max-image-preview":"max-image-preview:large","max-video-preview":"max-video-preview:-1"},"canonical":"https:\/\/voyagedelabaleine.fr\/it\/prodotto\/completo-neonato-bimbo-blusa-a-righe-e-bloomer-in-denim-giallo-blu\/","og_locale":"it_IT","og_type":"article","og_title":"Completo neonato bimbo blusa a righe e bloomer in denim - Giallo\/blu - Voyage de la Baleine","og_description":"Con il nostro completo neonato bimbo con blusa a righe e bloomer giallo e blu, crea un look fresco ed elegante per le belle giornate.","og_url":"https:\/\/voyagedelabaleine.fr\/it\/prodotto\/completo-neonato-bimbo-blusa-a-righe-e-bloomer-in-denim-giallo-blu\/","og_site_name":"Voyage de la Baleine","article_publisher":"https:\/\/www.facebook.com\/voyagedelabaleine\/","og_image":[{"width":1200,"height":1600,"url":"https:\/\/voyagedelabaleine.fr\/wp-content\/uploads\/2026\/04\/ensemble-bebe-blouse-bloomer-denim.jpg","type":"image\/jpeg"}],"twitter_card":"summary_large_image","twitter_misc":{"Tempo di lettura stimato":"2 minuto"},"schema":{"@context":"https:\/\/schema.org","@graph":[{"@type":"WebPage","@id":"https:\/\/voyagedelabaleine.fr\/it\/prodotto\/completo-neonato-bimbo-blusa-a-righe-e-bloomer-in-denim-giallo-blu\/","url":"https:\/\/voyagedelabaleine.fr\/it\/prodotto\/completo-neonato-bimbo-blusa-a-righe-e-bloomer-in-denim-giallo-blu\/","name":"Completo neonato bimbo blusa a righe e bloomer in denim - Giallo\/blu - Voyage de la Baleine","isPartOf":{"@id":"https:\/\/voyagedelabaleine.fr\/it\/#website"},"primaryImageOfPage":{"@id":"https:\/\/voyagedelabaleine.fr\/it\/prodotto\/completo-neonato-bimbo-blusa-a-righe-e-bloomer-in-denim-giallo-blu\/#primaryimage"},"image":{"@id":"https:\/\/voyagedelabaleine.fr\/it\/prodotto\/completo-neonato-bimbo-blusa-a-righe-e-bloomer-in-denim-giallo-blu\/#primaryimage"},"thumbnailUrl":"https:\/\/voyagedelabaleine.fr\/wp-content\/uploads\/2026\/04\/ensemble-bebe-blouse-bloomer-denim.jpg","datePublished":"2026-04-22T08:10:16+00:00","description":"Con il nostro completo neonato bimbo con blusa a righe e bloomer giallo e blu, crea un look fresco ed elegante per le belle giornate.","breadcrumb":{"@id":"https:\/\/voyagedelabaleine.fr\/it\/prodotto\/completo-neonato-bimbo-blusa-a-righe-e-bloomer-in-denim-giallo-blu\/#breadcrumb"},"inLanguage":"it-IT","potentialAction":[{"@type":"ReadAction","target":["https:\/\/voyagedelabaleine.fr\/it\/prodotto\/completo-neonato-bimbo-blusa-a-righe-e-bloomer-in-denim-giallo-blu\/"]}]},{"@type":"ImageObject","inLanguage":"it-IT","@id":"https:\/\/voyagedelabaleine.fr\/it\/prodotto\/completo-neonato-bimbo-blusa-a-righe-e-bloomer-in-denim-giallo-blu\/#primaryimage","url":"https:\/\/voyagedelabaleine.fr\/wp-content\/uploads\/2026\/04\/ensemble-bebe-blouse-bloomer-denim.jpg","contentUrl":"https:\/\/voyagedelabaleine.fr\/wp-content\/uploads\/2026\/04\/ensemble-bebe-blouse-bloomer-denim.jpg","width":1200,"height":1600},{"@type":"BreadcrumbList","@id":"https:\/\/voyagedelabaleine.fr\/it\/prodotto\/completo-neonato-bimbo-blusa-a-righe-e-bloomer-in-denim-giallo-blu\/#breadcrumb","itemListElement":[{"@type":"ListItem","position":1,"name":"Accueil","item":"https:\/\/voyagedelabaleine.fr\/it\/homepage\/"},{"@type":"ListItem","position":2,"name":"Tutta la collezione","item":"https:\/\/voyagedelabaleine.fr\/it\/tutta-la-collezione\/"},{"@type":"ListItem","position":3,"name":"Completo neonato bimbo blusa a righe e bloomer in denim &#8211; Giallo\/blu"}]},{"@type":"WebSite","@id":"https:\/\/voyagedelabaleine.fr\/it\/#website","url":"https:\/\/voyagedelabaleine.fr\/it\/","name":"Voyage de la Baleine","description":"V\u00eatements intemporels et raffin\u00e9s pour b\u00e9b\u00e9s et enfants","publisher":{"@id":"https:\/\/voyagedelabaleine.fr\/it\/#organization"},"potentialAction":[{"@type":"SearchAction","target":{"@type":"EntryPoint","urlTemplate":"https:\/\/voyagedelabaleine.fr\/it\/?s={search_term_string}"},"query-input":{"@type":"PropertyValueSpecification","valueRequired":true,"valueName":"search_term_string"}}],"inLanguage":"it-IT"},{"@type":"Organization","@id":"https:\/\/voyagedelabaleine.fr\/it\/#organization","name":"Voyage de la Baleine","url":"https:\/\/voyagedelabaleine.fr\/it\/","logo":{"@type":"ImageObject","inLanguage":"it-IT","@id":"https:\/\/voyagedelabaleine.fr\/it\/#\/schema\/logo\/image\/","url":"https:\/\/voyagedelabaleine.fr\/wp-content\/uploads\/2025\/06\/logo.webp","contentUrl":"https:\/\/voyagedelabaleine.fr\/wp-content\/uploads\/2025\/06\/logo.webp","width":153,"height":64,"caption":"Voyage de la Baleine"},"image":{"@id":"https:\/\/voyagedelabaleine.fr\/it\/#\/schema\/logo\/image\/"},"sameAs":["https:\/\/www.facebook.com\/voyagedelabaleine\/","https:\/\/www.instagram.com\/voyagedelabaleine\/","https:\/\/www.pinterest.fr\/Voyagedelabaleine\/"]}]}},"_links":{"self":[{"href":"https:\/\/voyagedelabaleine.fr\/it\/wp-json\/wp\/v2\/product\/42695","targetHints":{"allow":["GET"]}}],"collection":[{"href":"https:\/\/voyagedelabaleine.fr\/it\/wp-json\/wp\/v2\/product"}],"about":[{"href":"https:\/\/voyagedelabaleine.fr\/it\/wp-json\/wp\/v2\/types\/product"}],"replies":[{"embeddable":true,"href":"https:\/\/voyagedelabaleine.fr\/it\/wp-json\/wp\/v2\/comments?post=42695"}],"wp:featuredmedia":[{"embeddable":true,"href":"https:\/\/voyagedelabaleine.fr\/it\/wp-json\/wp\/v2\/media\/42662"}],"wp:attachment":[{"href":"https:\/\/voyagedelabaleine.fr\/it\/wp-json\/wp\/v2\/media?parent=42695"}],"wp:term":[{"taxonomy":"product_brand","embeddable":true,"href":"https:\/\/voyagedelabaleine.fr\/it\/wp-json\/wp\/v2\/product_brand?post=42695"},{"taxonomy":"product_cat","embeddable":true,"href":"https:\/\/voyagedelabaleine.fr\/it\/wp-json\/wp\/v2\/product_cat?post=42695"},{"taxonomy":"product_tag","embeddable":true,"href":"https:\/\/voyagedelabaleine.fr\/it\/wp-json\/wp\/v2\/product_tag?post=42695"}],"curies":[{"name":"wp","href":"https:\/\/api.w.org\/{rel}","templated":true}]}}