{"id":42813,"date":"2026-04-22T10:11:23","date_gmt":"2026-04-22T08:11:23","guid":{"rendered":"https:\/\/voyagedelabaleine.fr\/product\/completo-body-con-colletto-a-quadretti-e-bloomer-coordinato-verde-bianco\/"},"modified":"2026-04-22T10:11:23","modified_gmt":"2026-04-22T08:11:23","slug":"completo-body-con-colletto-a-quadretti-e-bloomer-coordinato-verde-bianco","status":"publish","type":"product","link":"https:\/\/voyagedelabaleine.fr\/it\/prodotto\/completo-body-con-colletto-a-quadretti-e-bloomer-coordinato-verde-bianco\/","title":{"rendered":"Completo body con colletto a quadretti e bloomer coordinato &#8211; Verde\/bianco"},"content":{"rendered":"<div class=\"flex flex-col text-sm pb-25\">\n<section class=\"text-token-text-primary w-full focus:outline-none [--shadow-height:45px] has-data-writing-block:pointer-events-none has-data-writing-block:-mt-(--shadow-height) has-data-writing-block:pt-(--shadow-height) [&amp;:has([data-writing-block])&gt;*]:pointer-events-auto scroll-mt-[calc(var(--header-height)+min(200px,max(70px,20svh)))]\" dir=\"auto\" data-turn-id=\"request-6970f0b2-bcb4-8329-8c33-a634cee04d04-123\" data-testid=\"conversation-turn-272\" data-scroll-anchor=\"true\" data-turn=\"assistant\">\n<div class=\"text-base my-auto mx-auto pb-10 [--thread-content-margin:var(--thread-content-margin-xs,calc(var(--spacing)*4))] @w-sm\/main:[--thread-content-margin:var(--thread-content-margin-sm,calc(var(--spacing)*6))] @w-lg\/main:[--thread-content-margin:var(--thread-content-margin-lg,calc(var(--spacing)*16))] px-(--thread-content-margin)\">\n<div class=\"[--thread-content-max-width:40rem] @w-lg\/main:[--thread-content-max-width:48rem] mx-auto max-w-(--thread-content-max-width) flex-1 group\/turn-messages focus-visible:outline-hidden relative flex w-full min-w-0 flex-col agent-turn\">\n<div class=\"flex max-w-full flex-col gap-4 grow\">\n<div class=\"min-h-8 text-message relative flex w-full flex-col items-end gap-2 text-start break-words whitespace-normal outline-none keyboard-focused:focus-ring [.text-message+&amp;]:mt-1\" dir=\"auto\" tabindex=\"0\" data-message-author-role=\"assistant\" data-message-id=\"fe664aef-f01c-4fb6-aac4-5f3669aff920\" data-message-model-slug=\"gpt-5-3\" data-turn-start-message=\"true\">\n<div class=\"flex w-full flex-col gap-1 empty:hidden\">\n<div class=\"markdown prose dark:prose-invert w-full wrap-break-word light markdown-new-styling\">\n<h3 data-section-id=\"6v41r4\" data-start=\"72\" data-end=\"146\">Un completo beb\u00e8 a quadretti bianchi e verdi, morbido e senza tempo<\/h3>\n<p data-start=\"148\" data-end=\"430\">Il nostro <strong data-start=\"154\" data-end=\"225\">completo body con colletto a quadretti e bloomer coordinato \u2013 verde\/bianco<\/strong> veste il beb\u00e8 con delicatezza e freschezza. I <strong data-start=\"274\" data-end=\"309\">quadretti bianchi e verdi<\/strong>, discreti e raffinati, donano un tocco naturale e luminoso, ideale per le belle giornate e per le mezze stagioni. <\/p>\n<p data-start=\"432\" data-end=\"703\">Pensato per creare un outfit completo in tutta semplicit\u00e0, questo set abbina un <strong data-start=\"513\" data-end=\"539\">body a maniche corte<\/strong> e un <strong data-start=\"546\" data-end=\"567\">bloomer coordinato<\/strong>. Il motivo a quadretti, classico e dolcissimo, si inserisce perfettamente in un guardaroba infantile elegante e senza tempo. <\/p>\n<h3 data-section-id=\"1agosi\" data-start=\"705\" data-end=\"755\">Un body con colletto a quadretti dai dettagli curati<\/h3>\n<p data-start=\"757\" data-end=\"1005\">Il body a maniche corte \u00e8 realizzato in <strong data-start=\"801\" data-end=\"816\">100% cotone<\/strong>, un materiale morbido e piacevole a contatto con la pelle sensibile del beb\u00e8. Il suo dettaglio distintivo: un <strong data-start=\"914\" data-end=\"955\">colletto a quadretti bianchi e verdi<\/strong>, che dona struttura e raffinatezza all&#8217;outfit. <\/p>\n<p data-start=\"1200\" data-end=\"1295\">Facile da indossare, il body assicura un&#8217;ottima vestibilit\u00e0 e accompagna il beb\u00e8 per tutta la giornata.<\/p>\n<h3 data-section-id=\"14p4vgu\" data-start=\"1297\" data-end=\"1344\">Un bloomer coordinato comodo ed elegante<\/h3>\n<p data-start=\"1346\" data-end=\"1529\">Il bloomer a quadretti bianchi e verdi completa perfettamente il body. La sua <strong data-start=\"1423\" data-end=\"1444\">vita elasticizzata<\/strong> garantisce una vestibilit\u00e0 comoda e si adatta naturalmente ai movimenti del beb\u00e8. <\/p>\n<p data-start=\"1531\" data-end=\"1698\">Realizzato anch&#8217;esso in <strong data-start=\"1557\" data-end=\"1572\">100% cotone<\/strong>, \u00e8 leggero, traspirante e piacevole da indossare. Il suo taglio permette di muoversi liberamente mantenendo una silhouette curata. <\/p>\n<h3 data-section-id=\"1fwws3d\" data-start=\"1700\" data-end=\"1749\">Un outfit per beb\u00e8 facile da indossare ogni giorno<\/h3>\n<p data-start=\"1751\" data-end=\"1997\">Il nostro <strong data-start=\"1757\" data-end=\"1802\">completo body con colletto e bloomer verde\/bianco<\/strong> \u00e8 un outfit elegante e semplice da indossare. Pu\u00f2 essere indossato da solo nelle giornate di sole o abbinato a un cardigan e a delle scarpine per un look pi\u00f9 formale. <\/p>\n<p data-start=\"1999\" data-end=\"2134\">Adatto sia a una bambina che a un bambino, questo completo a quadretti incarna uno stile naturale, dolce e senza tempo.<\/p>\n<h3 data-section-id=\"1t6umac\" data-start=\"2136\" data-end=\"2172\">Un capo essenziale del guardaroba neonato<\/h3>\n<p data-start=\"2174\" data-end=\"2420\">Questo completo per beb\u00e8 in cotone verde e bianco \u00e8 un capo essenziale per creare outfit comodi e raffinati. Riflette l&#8217;universo delicato di Voyage de la Baleine, dove ogni dettaglio \u00e8 pensato per unire eleganza, dolcezza e praticit\u00e0. <\/p>\n<p data-start=\"2422\" data-end=\"2442\" data-is-last-node=\"\" data-is-only-node=\"\">Prodotto in Spagna.<\/p>\n<\/div>\n<\/div>\n<\/div>\n<\/div>\n<\/div>\n<\/div>\n<\/section>\n<\/div>\n","protected":false},"excerpt":{"rendered":"<ul>\n<li>Set body e bloomer<\/li>\n<li>Ideale per un regalo di nascita<\/li>\n<li>100% cotone<\/li>\n<li>Prodotto in Spagna<br \/>\n<em>Questo completo veste normalmente. Scegli la tua taglia abituale.<\/em><\/li>\n<\/ul>\n","protected":false},"featured_media":42665,"comment_status":"open","ping_status":"closed","template":"","meta":{"ocean_post_layout":"","ocean_both_sidebars_style":"","ocean_both_sidebars_content_width":0,"ocean_both_sidebars_sidebars_width":0,"ocean_sidebar":"0","ocean_second_sidebar":"0","ocean_disable_margins":"enable","ocean_add_body_class":"","ocean_shortcode_before_top_bar":"","ocean_shortcode_after_top_bar":"","ocean_shortcode_before_header":"","ocean_shortcode_after_header":"","ocean_has_shortcode":"","ocean_shortcode_after_title":"","ocean_shortcode_before_footer_widgets":"","ocean_shortcode_after_footer_widgets":"","ocean_shortcode_before_footer_bottom":"","ocean_shortcode_after_footer_bottom":"","ocean_display_top_bar":"default","ocean_display_header":"default","ocean_header_style":"","ocean_center_header_left_menu":"0","ocean_custom_header_template":"0","ocean_custom_logo":0,"ocean_custom_retina_logo":0,"ocean_custom_logo_max_width":0,"ocean_custom_logo_tablet_max_width":0,"ocean_custom_logo_mobile_max_width":0,"ocean_custom_logo_max_height":0,"ocean_custom_logo_tablet_max_height":0,"ocean_custom_logo_mobile_max_height":0,"ocean_header_custom_menu":"0","ocean_menu_typo_font_family":"0","ocean_menu_typo_font_subset":"","ocean_menu_typo_font_size":0,"ocean_menu_typo_font_size_tablet":0,"ocean_menu_typo_font_size_mobile":0,"ocean_menu_typo_font_size_unit":"px","ocean_menu_typo_font_weight":"","ocean_menu_typo_font_weight_tablet":"","ocean_menu_typo_font_weight_mobile":"","ocean_menu_typo_transform":"","ocean_menu_typo_transform_tablet":"","ocean_menu_typo_transform_mobile":"","ocean_menu_typo_line_height":0,"ocean_menu_typo_line_height_tablet":0,"ocean_menu_typo_line_height_mobile":0,"ocean_menu_typo_line_height_unit":"","ocean_menu_typo_spacing":0,"ocean_menu_typo_spacing_tablet":0,"ocean_menu_typo_spacing_mobile":0,"ocean_menu_typo_spacing_unit":"","ocean_menu_link_color":"","ocean_menu_link_color_hover":"","ocean_menu_link_color_active":"","ocean_menu_link_background":"","ocean_menu_link_hover_background":"","ocean_menu_link_active_background":"","ocean_menu_social_links_bg":"","ocean_menu_social_hover_links_bg":"","ocean_menu_social_links_color":"","ocean_menu_social_hover_links_color":"","ocean_disable_title":"default","ocean_disable_heading":"default","ocean_post_title":"","ocean_post_subheading":"","ocean_post_title_style":"","ocean_post_title_background_color":"","ocean_post_title_background":0,"ocean_post_title_bg_image_position":"","ocean_post_title_bg_image_attachment":"","ocean_post_title_bg_image_repeat":"","ocean_post_title_bg_image_size":"","ocean_post_title_height":0,"ocean_post_title_bg_overlay":0.5,"ocean_post_title_bg_overlay_color":"","ocean_disable_breadcrumbs":"default","ocean_breadcrumbs_color":"","ocean_breadcrumbs_separator_color":"","ocean_breadcrumbs_links_color":"","ocean_breadcrumbs_links_hover_color":"","ocean_display_footer_widgets":"default","ocean_display_footer_bottom":"default","ocean_custom_footer_template":"0","osh_disable_topbar_sticky":"default","osh_disable_header_sticky":"default","osh_sticky_header_style":"default","osh_sticky_header_effect":"","osh_custom_sticky_logo":0,"osh_custom_retina_sticky_logo":0,"osh_custom_sticky_logo_height":0,"osh_background_color":"","osh_links_color":"","osh_links_hover_color":"","osh_links_active_color":"","osh_links_bg_color":"","osh_links_hover_bg_color":"","osh_links_active_bg_color":"","osh_menu_social_links_color":"","osh_menu_social_hover_links_color":""},"product_brand":[],"product_cat":[7014,6972,6994,6823,6874,6846,6806,6960,6976,6998,6812,6824,6850,7018,6982,7004,6830,6878,6856],"product_tag":[],"class_list":{"0":"post-42813","1":"product","2":"type-product","3":"status-publish","4":"has-post-thumbnail","6":"product_cat-bloomer-short-pantaloni-nascita","7":"product_cat-bloomer-short-pantaloni-nascita-ragazza","8":"product_cat-bloomer-short-pantaloni-nascita-ragazzo","9":"product_cat-bloomer-short-pantaloni-neonata","10":"product_cat-bloomer-short-pantaloni-neonati","11":"product_cat-bloomer-short-pantaloni-neonato","12":"product_cat-body","13":"product_cat-body-nascita","14":"product_cat-body-nascita-ragazza","15":"product_cat-body-nascita-ragazzo","16":"product_cat-body-neonati","17":"product_cat-body-neonata","18":"product_cat-body-neonato","19":"product_cat-completi-nascita","20":"product_cat-completi-nascita-ragazza","21":"product_cat-completi-nascita-ragazzo","22":"product_cat-completi-neonata","23":"product_cat-completi-neonati","24":"product_cat-completi-neonato","26":"entry","27":"has-media","29":"first","30":"instock","31":"taxable","32":"shipping-taxable","33":"purchasable","34":"product-type-variable","35":"has-default-attributes","36":"col","37":"span_1_of_3","38":"owp-content-center","39":"owp-thumbs-layout-vertical","40":"owp-btn-big","41":"owp-tabs-layout-vertical","42":"circle-sale"},"yoast_head":"<!-- This site is optimized with the Yoast SEO plugin v27.1.1 - https:\/\/yoast.com\/product\/yoast-seo-wordpress\/ -->\n<title>Completo body con colletto a quadretti e bloomer coordinato - Verde\/bianco - Voyage de la Baleine<\/title>\n<meta name=\"description\" content=\"Il nostro completo body con colletto a quadretti e bloomer coordinato \u2013 verde\/bianco veste il beb\u00e8 con delicatezza e freschezza. Prodotto in Spagna.\" \/>\n<meta name=\"robots\" content=\"index, follow, max-snippet:-1, max-image-preview:large, max-video-preview:-1\" \/>\n<link rel=\"canonical\" href=\"https:\/\/voyagedelabaleine.fr\/it\/prodotto\/completo-body-con-colletto-a-quadretti-e-bloomer-coordinato-verde-bianco\/\" \/>\n<meta property=\"og:locale\" content=\"it_IT\" \/>\n<meta property=\"og:type\" content=\"article\" \/>\n<meta property=\"og:title\" content=\"Completo body con colletto a quadretti e bloomer coordinato - Verde\/bianco - Voyage de la Baleine\" \/>\n<meta property=\"og:description\" content=\"Il nostro completo body con colletto a quadretti e bloomer coordinato \u2013 verde\/bianco veste il beb\u00e8 con delicatezza e freschezza. Prodotto in Spagna.\" \/>\n<meta property=\"og:url\" content=\"https:\/\/voyagedelabaleine.fr\/it\/prodotto\/completo-body-con-colletto-a-quadretti-e-bloomer-coordinato-verde-bianco\/\" \/>\n<meta property=\"og:site_name\" content=\"Voyage de la Baleine\" \/>\n<meta property=\"article:publisher\" content=\"https:\/\/www.facebook.com\/voyagedelabaleine\/\" \/>\n<meta property=\"og:image\" content=\"https:\/\/voyagedelabaleine.fr\/wp-content\/uploads\/2026\/04\/ensemble-bebe-body-bloomer-vert-4.jpg\" \/>\n\t<meta property=\"og:image:width\" content=\"1089\" \/>\n\t<meta property=\"og:image:height\" content=\"1453\" \/>\n\t<meta property=\"og:image:type\" content=\"image\/jpeg\" \/>\n<meta name=\"twitter:card\" content=\"summary_large_image\" \/>\n<meta name=\"twitter:label1\" content=\"Tempo di lettura stimato\" \/>\n\t<meta name=\"twitter:data1\" content=\"2 minuto\" \/>\n<script type=\"application\/ld+json\" class=\"yoast-schema-graph\">{\"@context\":\"https:\/\/schema.org\",\"@graph\":[{\"@type\":\"WebPage\",\"@id\":\"https:\/\/voyagedelabaleine.fr\/it\/prodotto\/completo-body-con-colletto-a-quadretti-e-bloomer-coordinato-verde-bianco\/\",\"url\":\"https:\/\/voyagedelabaleine.fr\/it\/prodotto\/completo-body-con-colletto-a-quadretti-e-bloomer-coordinato-verde-bianco\/\",\"name\":\"Completo body con colletto a quadretti e bloomer coordinato - Verde\/bianco - Voyage de la Baleine\",\"isPartOf\":{\"@id\":\"https:\/\/voyagedelabaleine.fr\/it\/#website\"},\"primaryImageOfPage\":{\"@id\":\"https:\/\/voyagedelabaleine.fr\/it\/prodotto\/completo-body-con-colletto-a-quadretti-e-bloomer-coordinato-verde-bianco\/#primaryimage\"},\"image\":{\"@id\":\"https:\/\/voyagedelabaleine.fr\/it\/prodotto\/completo-body-con-colletto-a-quadretti-e-bloomer-coordinato-verde-bianco\/#primaryimage\"},\"thumbnailUrl\":\"https:\/\/voyagedelabaleine.fr\/wp-content\/uploads\/2026\/04\/ensemble-bebe-body-bloomer-vert-4.jpg\",\"datePublished\":\"2026-04-22T08:11:23+00:00\",\"description\":\"Il nostro completo body con colletto a quadretti e bloomer coordinato \u2013 verde\/bianco veste il beb\u00e8 con delicatezza e freschezza. Prodotto in Spagna.\",\"breadcrumb\":{\"@id\":\"https:\/\/voyagedelabaleine.fr\/it\/prodotto\/completo-body-con-colletto-a-quadretti-e-bloomer-coordinato-verde-bianco\/#breadcrumb\"},\"inLanguage\":\"it-IT\",\"potentialAction\":[{\"@type\":\"ReadAction\",\"target\":[\"https:\/\/voyagedelabaleine.fr\/it\/prodotto\/completo-body-con-colletto-a-quadretti-e-bloomer-coordinato-verde-bianco\/\"]}]},{\"@type\":\"ImageObject\",\"inLanguage\":\"it-IT\",\"@id\":\"https:\/\/voyagedelabaleine.fr\/it\/prodotto\/completo-body-con-colletto-a-quadretti-e-bloomer-coordinato-verde-bianco\/#primaryimage\",\"url\":\"https:\/\/voyagedelabaleine.fr\/wp-content\/uploads\/2026\/04\/ensemble-bebe-body-bloomer-vert-4.jpg\",\"contentUrl\":\"https:\/\/voyagedelabaleine.fr\/wp-content\/uploads\/2026\/04\/ensemble-bebe-body-bloomer-vert-4.jpg\",\"width\":1089,\"height\":1453},{\"@type\":\"BreadcrumbList\",\"@id\":\"https:\/\/voyagedelabaleine.fr\/it\/prodotto\/completo-body-con-colletto-a-quadretti-e-bloomer-coordinato-verde-bianco\/#breadcrumb\",\"itemListElement\":[{\"@type\":\"ListItem\",\"position\":1,\"name\":\"Accueil\",\"item\":\"https:\/\/voyagedelabaleine.fr\/it\/homepage\/\"},{\"@type\":\"ListItem\",\"position\":2,\"name\":\"Tutta la collezione\",\"item\":\"https:\/\/voyagedelabaleine.fr\/it\/tutta-la-collezione\/\"},{\"@type\":\"ListItem\",\"position\":3,\"name\":\"Completo body con colletto a quadretti e bloomer coordinato &#8211; Verde\/bianco\"}]},{\"@type\":\"WebSite\",\"@id\":\"https:\/\/voyagedelabaleine.fr\/it\/#website\",\"url\":\"https:\/\/voyagedelabaleine.fr\/it\/\",\"name\":\"Voyage de la Baleine\",\"description\":\"V\u00eatements intemporels et raffin\u00e9s pour b\u00e9b\u00e9s et enfants\",\"publisher\":{\"@id\":\"https:\/\/voyagedelabaleine.fr\/it\/#organization\"},\"potentialAction\":[{\"@type\":\"SearchAction\",\"target\":{\"@type\":\"EntryPoint\",\"urlTemplate\":\"https:\/\/voyagedelabaleine.fr\/it\/?s={search_term_string}\"},\"query-input\":{\"@type\":\"PropertyValueSpecification\",\"valueRequired\":true,\"valueName\":\"search_term_string\"}}],\"inLanguage\":\"it-IT\"},{\"@type\":\"Organization\",\"@id\":\"https:\/\/voyagedelabaleine.fr\/it\/#organization\",\"name\":\"Voyage de la Baleine\",\"url\":\"https:\/\/voyagedelabaleine.fr\/it\/\",\"logo\":{\"@type\":\"ImageObject\",\"inLanguage\":\"it-IT\",\"@id\":\"https:\/\/voyagedelabaleine.fr\/it\/#\/schema\/logo\/image\/\",\"url\":\"https:\/\/voyagedelabaleine.fr\/wp-content\/uploads\/2025\/06\/logo.webp\",\"contentUrl\":\"https:\/\/voyagedelabaleine.fr\/wp-content\/uploads\/2025\/06\/logo.webp\",\"width\":153,\"height\":64,\"caption\":\"Voyage de la Baleine\"},\"image\":{\"@id\":\"https:\/\/voyagedelabaleine.fr\/it\/#\/schema\/logo\/image\/\"},\"sameAs\":[\"https:\/\/www.facebook.com\/voyagedelabaleine\/\",\"https:\/\/www.instagram.com\/voyagedelabaleine\/\",\"https:\/\/www.pinterest.fr\/Voyagedelabaleine\/\"]}]}<\/script>\n<!-- \/ Yoast SEO plugin. -->","yoast_head_json":{"title":"Completo body con colletto a quadretti e bloomer coordinato - Verde\/bianco - Voyage de la Baleine","description":"Il nostro completo body con colletto a quadretti e bloomer coordinato \u2013 verde\/bianco veste il beb\u00e8 con delicatezza e freschezza. Prodotto in Spagna.","robots":{"index":"index","follow":"follow","max-snippet":"max-snippet:-1","max-image-preview":"max-image-preview:large","max-video-preview":"max-video-preview:-1"},"canonical":"https:\/\/voyagedelabaleine.fr\/it\/prodotto\/completo-body-con-colletto-a-quadretti-e-bloomer-coordinato-verde-bianco\/","og_locale":"it_IT","og_type":"article","og_title":"Completo body con colletto a quadretti e bloomer coordinato - Verde\/bianco - Voyage de la Baleine","og_description":"Il nostro completo body con colletto a quadretti e bloomer coordinato \u2013 verde\/bianco veste il beb\u00e8 con delicatezza e freschezza. Prodotto in Spagna.","og_url":"https:\/\/voyagedelabaleine.fr\/it\/prodotto\/completo-body-con-colletto-a-quadretti-e-bloomer-coordinato-verde-bianco\/","og_site_name":"Voyage de la Baleine","article_publisher":"https:\/\/www.facebook.com\/voyagedelabaleine\/","og_image":[{"width":1089,"height":1453,"url":"https:\/\/voyagedelabaleine.fr\/wp-content\/uploads\/2026\/04\/ensemble-bebe-body-bloomer-vert-4.jpg","type":"image\/jpeg"}],"twitter_card":"summary_large_image","twitter_misc":{"Tempo di lettura stimato":"2 minuto"},"schema":{"@context":"https:\/\/schema.org","@graph":[{"@type":"WebPage","@id":"https:\/\/voyagedelabaleine.fr\/it\/prodotto\/completo-body-con-colletto-a-quadretti-e-bloomer-coordinato-verde-bianco\/","url":"https:\/\/voyagedelabaleine.fr\/it\/prodotto\/completo-body-con-colletto-a-quadretti-e-bloomer-coordinato-verde-bianco\/","name":"Completo body con colletto a quadretti e bloomer coordinato - Verde\/bianco - Voyage de la Baleine","isPartOf":{"@id":"https:\/\/voyagedelabaleine.fr\/it\/#website"},"primaryImageOfPage":{"@id":"https:\/\/voyagedelabaleine.fr\/it\/prodotto\/completo-body-con-colletto-a-quadretti-e-bloomer-coordinato-verde-bianco\/#primaryimage"},"image":{"@id":"https:\/\/voyagedelabaleine.fr\/it\/prodotto\/completo-body-con-colletto-a-quadretti-e-bloomer-coordinato-verde-bianco\/#primaryimage"},"thumbnailUrl":"https:\/\/voyagedelabaleine.fr\/wp-content\/uploads\/2026\/04\/ensemble-bebe-body-bloomer-vert-4.jpg","datePublished":"2026-04-22T08:11:23+00:00","description":"Il nostro completo body con colletto a quadretti e bloomer coordinato \u2013 verde\/bianco veste il beb\u00e8 con delicatezza e freschezza. Prodotto in Spagna.","breadcrumb":{"@id":"https:\/\/voyagedelabaleine.fr\/it\/prodotto\/completo-body-con-colletto-a-quadretti-e-bloomer-coordinato-verde-bianco\/#breadcrumb"},"inLanguage":"it-IT","potentialAction":[{"@type":"ReadAction","target":["https:\/\/voyagedelabaleine.fr\/it\/prodotto\/completo-body-con-colletto-a-quadretti-e-bloomer-coordinato-verde-bianco\/"]}]},{"@type":"ImageObject","inLanguage":"it-IT","@id":"https:\/\/voyagedelabaleine.fr\/it\/prodotto\/completo-body-con-colletto-a-quadretti-e-bloomer-coordinato-verde-bianco\/#primaryimage","url":"https:\/\/voyagedelabaleine.fr\/wp-content\/uploads\/2026\/04\/ensemble-bebe-body-bloomer-vert-4.jpg","contentUrl":"https:\/\/voyagedelabaleine.fr\/wp-content\/uploads\/2026\/04\/ensemble-bebe-body-bloomer-vert-4.jpg","width":1089,"height":1453},{"@type":"BreadcrumbList","@id":"https:\/\/voyagedelabaleine.fr\/it\/prodotto\/completo-body-con-colletto-a-quadretti-e-bloomer-coordinato-verde-bianco\/#breadcrumb","itemListElement":[{"@type":"ListItem","position":1,"name":"Accueil","item":"https:\/\/voyagedelabaleine.fr\/it\/homepage\/"},{"@type":"ListItem","position":2,"name":"Tutta la collezione","item":"https:\/\/voyagedelabaleine.fr\/it\/tutta-la-collezione\/"},{"@type":"ListItem","position":3,"name":"Completo body con colletto a quadretti e bloomer coordinato &#8211; Verde\/bianco"}]},{"@type":"WebSite","@id":"https:\/\/voyagedelabaleine.fr\/it\/#website","url":"https:\/\/voyagedelabaleine.fr\/it\/","name":"Voyage de la Baleine","description":"V\u00eatements intemporels et raffin\u00e9s pour b\u00e9b\u00e9s et enfants","publisher":{"@id":"https:\/\/voyagedelabaleine.fr\/it\/#organization"},"potentialAction":[{"@type":"SearchAction","target":{"@type":"EntryPoint","urlTemplate":"https:\/\/voyagedelabaleine.fr\/it\/?s={search_term_string}"},"query-input":{"@type":"PropertyValueSpecification","valueRequired":true,"valueName":"search_term_string"}}],"inLanguage":"it-IT"},{"@type":"Organization","@id":"https:\/\/voyagedelabaleine.fr\/it\/#organization","name":"Voyage de la Baleine","url":"https:\/\/voyagedelabaleine.fr\/it\/","logo":{"@type":"ImageObject","inLanguage":"it-IT","@id":"https:\/\/voyagedelabaleine.fr\/it\/#\/schema\/logo\/image\/","url":"https:\/\/voyagedelabaleine.fr\/wp-content\/uploads\/2025\/06\/logo.webp","contentUrl":"https:\/\/voyagedelabaleine.fr\/wp-content\/uploads\/2025\/06\/logo.webp","width":153,"height":64,"caption":"Voyage de la Baleine"},"image":{"@id":"https:\/\/voyagedelabaleine.fr\/it\/#\/schema\/logo\/image\/"},"sameAs":["https:\/\/www.facebook.com\/voyagedelabaleine\/","https:\/\/www.instagram.com\/voyagedelabaleine\/","https:\/\/www.pinterest.fr\/Voyagedelabaleine\/"]}]}},"_links":{"self":[{"href":"https:\/\/voyagedelabaleine.fr\/it\/wp-json\/wp\/v2\/product\/42813","targetHints":{"allow":["GET"]}}],"collection":[{"href":"https:\/\/voyagedelabaleine.fr\/it\/wp-json\/wp\/v2\/product"}],"about":[{"href":"https:\/\/voyagedelabaleine.fr\/it\/wp-json\/wp\/v2\/types\/product"}],"replies":[{"embeddable":true,"href":"https:\/\/voyagedelabaleine.fr\/it\/wp-json\/wp\/v2\/comments?post=42813"}],"wp:featuredmedia":[{"embeddable":true,"href":"https:\/\/voyagedelabaleine.fr\/it\/wp-json\/wp\/v2\/media\/42665"}],"wp:attachment":[{"href":"https:\/\/voyagedelabaleine.fr\/it\/wp-json\/wp\/v2\/media?parent=42813"}],"wp:term":[{"taxonomy":"product_brand","embeddable":true,"href":"https:\/\/voyagedelabaleine.fr\/it\/wp-json\/wp\/v2\/product_brand?post=42813"},{"taxonomy":"product_cat","embeddable":true,"href":"https:\/\/voyagedelabaleine.fr\/it\/wp-json\/wp\/v2\/product_cat?post=42813"},{"taxonomy":"product_tag","embeddable":true,"href":"https:\/\/voyagedelabaleine.fr\/it\/wp-json\/wp\/v2\/product_tag?post=42813"}],"curies":[{"name":"wp","href":"https:\/\/api.w.org\/{rel}","templated":true}]}}